{"id":1328,"date":"2025-07-21T18:33:46","date_gmt":"2025-07-21T16:33:46","guid":{"rendered":"https:\/\/astenagusia.bilbokokonpartsak.eus\/an\/index.php\/astenagusipedia\/"},"modified":"2025-11-20T19:11:13","modified_gmt":"2025-11-20T18:11:13","slug":"astenagusipedia","status":"publish","type":"page","link":"https:\/\/astenagusia.bilbokokonpartsak.eus\/es\/aste-nagusia\/astenagusipedia","title":{"rendered":"Astenagusipedia"},"content":{"rendered":"\t\t<div data-elementor-type=\"wp-page\" data-elementor-id=\"1328\" class=\"elementor elementor-1328 elementor-1304\" data-elementor-post-type=\"page\">\n\t\t\t\t<div class=\"elementor-element elementor-element-5cc4857 e-flex e-con-boxed e-con e-parent\" data-id=\"5cc4857\" data-element_type=\"container\" data-settings=\"{&quot;background_background&quot;:&quot;classic&quot;}\">\n\t\t\t\t\t<div class=\"e-con-inner\">\n\t\t<div class=\"elementor-element elementor-element-c927a45 e-con-full e-flex e-con e-child\" data-id=\"c927a45\" data-element_type=\"container\">\n\t\t\t\t<div class=\"elementor-element elementor-element-6492015 elementor-widget-mobile__width-auto elementor-hidden-tablet elementor-hidden-mobile elementor-widget elementor-widget-heading\" data-id=\"6492015\" data-element_type=\"widget\" data-widget_type=\"heading.default\">\n\t\t\t\t<div class=\"elementor-widget-container\">\n\t\t\t\t\t<h2 class=\"elementor-heading-title elementor-size-default\">ASTENAGUSIPEDIA<\/h2>\t\t\t\t<\/div>\n\t\t\t\t<\/div>\n\t\t\t\t<div class=\"elementor-element elementor-element-8ec3597 elementor-widget-mobile__width-auto elementor-hidden-desktop elementor-widget elementor-widget-heading\" data-id=\"8ec3597\" data-element_type=\"widget\" data-widget_type=\"heading.default\">\n\t\t\t\t<div class=\"elementor-widget-container\">\n\t\t\t\t\t<h2 class=\"elementor-heading-title elementor-size-default\">ASTE-<br>NAGUSI-<br>PEDIA<\/h2>\t\t\t\t<\/div>\n\t\t\t\t<\/div>\n\t\t<div class=\"elementor-element elementor-element-a2fede4 e-con-full e-flex e-con e-child\" data-id=\"a2fede4\" data-element_type=\"container\">\n\t\t<div class=\"elementor-element elementor-element-714471f e-con-full e-flex e-con e-child\" data-id=\"714471f\" data-element_type=\"container\">\n\t\t<div class=\"elementor-element elementor-element-4de24c3 e-con-full e-flex e-con e-child\" data-id=\"4de24c3\" data-element_type=\"container\" data-settings=\"{&quot;background_background&quot;:&quot;classic&quot;}\">\n\t\t\t\t<\/div>\n\t\t<div class=\"elementor-element elementor-element-4117059 e-con-full e-flex e-con e-child\" data-id=\"4117059\" data-element_type=\"container\">\n\t\t\t\t<div class=\"elementor-element elementor-element-d44b4f5 elementor-widget elementor-widget-heading\" data-id=\"d44b4f5\" data-element_type=\"widget\" data-widget_type=\"heading.default\">\n\t\t\t\t<div class=\"elementor-widget-container\">\n\t\t\t\t\t<h2 class=\"elementor-heading-title elementor-size-default\">ASTE NAGUSIA<\/h2>\t\t\t\t<\/div>\n\t\t\t\t<\/div>\n\t\t\t\t<div class=\"elementor-element elementor-element-5ea6ece elementor-widget elementor-widget-text-editor\" data-id=\"5ea6ece\" data-element_type=\"widget\" data-widget_type=\"text-editor.default\">\n\t\t\t\t<div class=\"elementor-widget-container\">\n\t\t\t\t\t\t\t\t\t<p class=\"p1\">Aste Nagusia es una semana de fiesta que celebramos en Bilbao que, a pesar de su juventud, se ha ganado la admiraci\u00f3n mundial por haberse convertido la madre de todas las parrandas. Creada en 1978 por los movimientos sociales de Bilbao, arraig\u00f3 con tal fuerza, que el Ayuntamiento, at\u00f3nito ante la capacidad de movilizaci\u00f3n popular de sus administrados, no tuvo m\u00e1s remedio que aceptarla como la fiesta mayor oficial de Bilbao.<\/p>\n\t\t\t\t\t\t\t\t<\/div>\n\t\t\t\t<\/div>\n\t\t\t\t<\/div>\n\t\t\t\t<\/div>\n\t\t<div class=\"elementor-element elementor-element-69340b9 e-con-full e-flex e-con e-child\" data-id=\"69340b9\" data-element_type=\"container\">\n\t\t<div class=\"elementor-element elementor-element-369742e e-con-full e-flex e-con e-child\" data-id=\"369742e\" data-element_type=\"container\" data-settings=\"{&quot;background_background&quot;:&quot;classic&quot;}\">\n\t\t\t\t<\/div>\n\t\t<div class=\"elementor-element elementor-element-02808f0 e-con-full e-flex e-con e-child\" data-id=\"02808f0\" data-element_type=\"container\">\n\t\t\t\t<div class=\"elementor-element elementor-element-8b2c397 elementor-widget elementor-widget-heading\" data-id=\"8b2c397\" data-element_type=\"widget\" data-widget_type=\"heading.default\">\n\t\t\t\t<div class=\"elementor-widget-container\">\n\t\t\t\t\t<h2 class=\"elementor-heading-title elementor-size-default\">KONPARTSAK<\/h2>\t\t\t\t<\/div>\n\t\t\t\t<\/div>\n\t\t\t\t<div class=\"elementor-element elementor-element-34a8837 elementor-widget elementor-widget-text-editor\" data-id=\"34a8837\" data-element_type=\"widget\" data-widget_type=\"text-editor.default\">\n\t\t\t\t<div class=\"elementor-widget-container\">\n\t\t\t\t\t\t\t\t\t<p class=\"p1\">Las konpartsas son agrupaciones populares que representan a diferentes movimientos sociales de Bilbao, reflejando la diversidad del tejido asociativo de la villa. Junto al Ayuntamiento, se ocupan de organizar las fiestas, siendo el principal motor de las mismas.<\/p>\n\t\t\t\t\t\t\t\t<\/div>\n\t\t\t\t<\/div>\n\t\t\t\t<\/div>\n\t\t\t\t<\/div>\n\t\t<div class=\"elementor-element elementor-element-7364035 e-con-full e-flex e-con e-child\" data-id=\"7364035\" data-element_type=\"container\">\n\t\t<div class=\"elementor-element elementor-element-f91cfba e-con-full e-flex e-con e-child\" data-id=\"f91cfba\" data-element_type=\"container\" data-settings=\"{&quot;background_background&quot;:&quot;classic&quot;}\">\n\t\t\t\t<\/div>\n\t\t<div class=\"elementor-element elementor-element-698f03c e-con-full e-flex e-con e-child\" data-id=\"698f03c\" data-element_type=\"container\">\n\t\t\t\t<div class=\"elementor-element elementor-element-4866cfb elementor-widget elementor-widget-heading\" data-id=\"4866cfb\" data-element_type=\"widget\" data-widget_type=\"heading.default\">\n\t\t\t\t<div class=\"elementor-widget-container\">\n\t\t\t\t\t<h2 class=\"elementor-heading-title elementor-size-default\">MARIJAIA<\/h2>\t\t\t\t<\/div>\n\t\t\t\t<\/div>\n\t\t\t\t<div class=\"elementor-element elementor-element-5079a0e elementor-widget elementor-widget-text-editor\" data-id=\"5079a0e\" data-element_type=\"widget\" data-widget_type=\"text-editor.default\">\n\t\t\t\t<div class=\"elementor-widget-container\">\n\t\t\t\t\t\t\t\t\t<p class=\"p1\">Marijaia es la personificaci\u00f3n de la fiesta. Creada en 1978 por la artista Mari Puri Herrero a propuesta de unas comparseras de Txomin Barullo, es la figura ic\u00f3nica principal de Aste Nagusia. Es la que abre la fiesta con su aparici\u00f3n en el balc\u00f3n del teatro Arriaga y la cierra al arder en la r\u00eda. Se pasa toda la fiesta bailando por las calles, con sus brazos levantados en se\u00f1al de celebraci\u00f3n y acogida. Se desconoce su estado civil, pero existe el rumor de que se ha visto a algunas comparseras y comparseros salir sonrojados y jadeantes de debajo de sus faldas.<\/p>\t\t\t\t\t\t\t\t<\/div>\n\t\t\t\t<\/div>\n\t\t\t\t<\/div>\n\t\t\t\t<\/div>\n\t\t<div class=\"elementor-element elementor-element-8828c0c e-con-full e-flex e-con e-child\" data-id=\"8828c0c\" data-element_type=\"container\">\n\t\t<div class=\"elementor-element elementor-element-26f5696 e-con-full e-flex e-con e-child\" data-id=\"26f5696\" data-element_type=\"container\" data-settings=\"{&quot;background_background&quot;:&quot;classic&quot;}\">\n\t\t\t\t<\/div>\n\t\t<div class=\"elementor-element elementor-element-de77c2e e-con-full e-flex e-con e-child\" data-id=\"de77c2e\" data-element_type=\"container\">\n\t\t\t\t<div class=\"elementor-element elementor-element-105387d elementor-widget elementor-widget-heading\" data-id=\"105387d\" data-element_type=\"widget\" data-widget_type=\"heading.default\">\n\t\t\t\t<div class=\"elementor-widget-container\">\n\t\t\t\t\t<h2 class=\"elementor-heading-title elementor-size-default\">TXUP\u00cdN<\/h2>\t\t\t\t<\/div>\n\t\t\t\t<\/div>\n\t\t\t\t<div class=\"elementor-element elementor-element-7851f76 elementor-widget elementor-widget-text-editor\" data-id=\"7851f76\" data-element_type=\"widget\" data-widget_type=\"text-editor.default\">\n\t\t\t\t<div class=\"elementor-widget-container\">\n\t\t\t\t\t\t\t\t\t<p class=\"p1\"><span class=\"s1\">El Txup\u00edn es el acto que da inicio a Aste Nagusia, consiste en la lectura del preg\u00f3n desde el balc\u00f3n del teatro Arriaga, el lanzamiento del Txup\u00edn por parte de la Txupinera y la salida de Marijaia ante la multitud. Las bilbainas y bilbainos (con diptongo) de fuste deben corregir siempre y en todo lugar a todo aquel indocumentado que se refiera al acto por otro nombre que no sea el de Txup\u00edn, y correrlo a paraguazos si insiste en su error. Quien llama \u201cchupinazo\u201d al Txup\u00edn, incurre en una ignominia similar a llamar \u201cel Bilbao\u201d al Athletic o \u201cbacalado\u201d al bacalao. Asimismo, en el acto del Txup\u00edn est\u00e1 bien visto descorchar botellas de Agua de Bilbao entre gran jolgorio, pero se considera una ofensa el uso y desperdicio de harina, huevos y dem\u00e1s elementos generadores de marraner\u00eda.<\/span><\/p>\n\t\t\t\t\t\t\t\t<\/div>\n\t\t\t\t<\/div>\n\t\t\t\t<\/div>\n\t\t\t\t<\/div>\n\t\t<div class=\"elementor-element elementor-element-93c41cb e-con-full e-flex e-con e-child\" data-id=\"93c41cb\" data-element_type=\"container\">\n\t\t<div class=\"elementor-element elementor-element-40b390c e-con-full e-transform e-flex e-con e-child\" data-id=\"40b390c\" data-element_type=\"container\" data-settings=\"{&quot;background_background&quot;:&quot;classic&quot;,&quot;animation&quot;:&quot;none&quot;,&quot;_transform_flipX_effect&quot;:&quot;transform&quot;}\">\n\t\t\t\t<\/div>\n\t\t<div class=\"elementor-element elementor-element-40d8332 e-con-full e-flex e-con e-child\" data-id=\"40d8332\" data-element_type=\"container\">\n\t\t\t\t<div class=\"elementor-element elementor-element-27e3084 elementor-widget elementor-widget-heading\" data-id=\"27e3084\" data-element_type=\"widget\" data-widget_type=\"heading.default\">\n\t\t\t\t<div class=\"elementor-widget-container\">\n\t\t\t\t\t<h2 class=\"elementor-heading-title elementor-size-default\">TXUPINERA<\/h2>\t\t\t\t<\/div>\n\t\t\t\t<\/div>\n\t\t\t\t<div class=\"elementor-element elementor-element-a50eeb8 elementor-widget elementor-widget-text-editor\" data-id=\"a50eeb8\" data-element_type=\"widget\" data-widget_type=\"text-editor.default\">\n\t\t\t\t<div class=\"elementor-widget-container\">\n\t\t\t\t\t\t\t\t\t<p class=\"p1\"><span class=\"s1\">La Txupinera es una comparsera, siempre mujer, en homenaje al antiguo oficio que se traspasaba de madres a hijas de txupinera. Se trataba de la empleada del Ayuntamiento que se ocupaba, entre otras labores, del lanzamiento de txupines para anunciar diversas novedades y celebraciones a los y las bilbotarras.<\/span><\/p>\n<p><\/p>\n<p class=\"p1\"><span class=\"s1\">Su labor consiste en lanzar el txupin que da inicio a la fiesta, as\u00ed como uno cada d\u00eda a las diez de la ma\u00f1ana, a modo de diana, entre otros muchos actos protocolarios en compa\u00f1\u00eda del pregonero o pregonera. Es el m\u00e1s alto honor al que puede aspirar una comparsera: ser Txupinera de Bilbao.<\/span><\/p>\n\t\t\t\t\t\t\t\t<\/div>\n\t\t\t\t<\/div>\n\t\t\t\t<\/div>\n\t\t\t\t<\/div>\n\t\t<div class=\"elementor-element elementor-element-a5248b2 e-con-full e-flex e-con e-child\" data-id=\"a5248b2\" data-element_type=\"container\">\n\t\t<div class=\"elementor-element elementor-element-4156dce e-con-full e-flex e-con e-child\" data-id=\"4156dce\" data-element_type=\"container\" data-settings=\"{&quot;background_background&quot;:&quot;classic&quot;}\">\n\t\t\t\t<\/div>\n\t\t<div class=\"elementor-element elementor-element-5f51f17 e-con-full e-flex e-con e-child\" data-id=\"5f51f17\" data-element_type=\"container\">\n\t\t\t\t<div class=\"elementor-element elementor-element-f03c35d elementor-widget elementor-widget-heading\" data-id=\"f03c35d\" data-element_type=\"widget\" data-widget_type=\"heading.default\">\n\t\t\t\t<div class=\"elementor-widget-container\">\n\t\t\t\t\t<h2 class=\"elementor-heading-title elementor-size-default\">PREGONERO\/PREGONERA<\/h2>\t\t\t\t<\/div>\n\t\t\t\t<\/div>\n\t\t\t\t<div class=\"elementor-element elementor-element-9d6a5e6 elementor-widget elementor-widget-text-editor\" data-id=\"9d6a5e6\" data-element_type=\"widget\" data-widget_type=\"text-editor.default\">\n\t\t\t\t<div class=\"elementor-widget-container\">\n\t\t\t\t\t\t\t\t\t<p class=\"p1\"><span class=\"s1\">Es una persona relevante y especialmente querida en Bilbao a la que se reconoce su buen hacer con este nombramiento. Su funci\u00f3n es la lectura del preg\u00f3n en el txupin y asistir a todo tipo de actos festivos, de comunicaci\u00f3n y protocolo, siempre de la mano de la Txupinera, recibiendo a su paso el cari\u00f1o de los y las botxeras. El de Pregonera y el de Txupinera son los m\u00e1s altos cargos que puede ostentar alguien natural de Bilbao, muy por encima de otros de rango menor, como el de alcalde, obispo o presidente del Athletic.<\/span><\/p>\t\t\t\t\t\t\t\t<\/div>\n\t\t\t\t<\/div>\n\t\t\t\t<\/div>\n\t\t\t\t<\/div>\n\t\t<div class=\"elementor-element elementor-element-5b1ee0b e-con-full e-flex e-con e-child\" data-id=\"5b1ee0b\" data-element_type=\"container\">\n\t\t<div class=\"elementor-element elementor-element-5892853 e-con-full e-flex e-con e-child\" data-id=\"5892853\" data-element_type=\"container\" data-settings=\"{&quot;background_background&quot;:&quot;classic&quot;}\">\n\t\t\t\t<div class=\"elementor-element elementor-element-f5f02e2 elementor-widget elementor-widget-image\" data-id=\"f5f02e2\" data-element_type=\"widget\" data-widget_type=\"image.default\">\n\t\t\t\t<div class=\"elementor-widget-container\">\n\t\t\t\t\t\t\t\t\t\t\t\t\t\t\t<img fetchpriority=\"high\" decoding=\"async\" width=\"800\" height=\"380\" src=\"https:\/\/astenagusia.bilbokokonpartsak.eus\/wp-content\/uploads\/2025\/07\/TXOSNA-1024x487.png\" class=\"attachment-large size-large wp-image-1322\" alt=\"\" srcset=\"https:\/\/astenagusia.bilbokokonpartsak.eus\/wp-content\/uploads\/2025\/07\/TXOSNA-1024x487.png 1024w, https:\/\/astenagusia.bilbokokonpartsak.eus\/wp-content\/uploads\/2025\/07\/TXOSNA-300x143.png 300w, https:\/\/astenagusia.bilbokokonpartsak.eus\/wp-content\/uploads\/2025\/07\/TXOSNA-768x365.png 768w, https:\/\/astenagusia.bilbokokonpartsak.eus\/wp-content\/uploads\/2025\/07\/TXOSNA.png 1336w\" sizes=\"(max-width: 800px) 100vw, 800px\" \/>\t\t\t\t\t\t\t\t\t\t\t\t\t\t\t<\/div>\n\t\t\t\t<\/div>\n\t\t\t\t<\/div>\n\t\t<div class=\"elementor-element elementor-element-2d75da5 e-con-full e-flex e-con e-child\" data-id=\"2d75da5\" data-element_type=\"container\">\n\t\t\t\t<div class=\"elementor-element elementor-element-a6c441a elementor-widget elementor-widget-heading\" data-id=\"a6c441a\" data-element_type=\"widget\" data-widget_type=\"heading.default\">\n\t\t\t\t<div class=\"elementor-widget-container\">\n\t\t\t\t\t<h2 class=\"elementor-heading-title elementor-size-default\">TXOSNAS<\/h2>\t\t\t\t<\/div>\n\t\t\t\t<\/div>\n\t\t\t\t<div class=\"elementor-element elementor-element-d0b40eb elementor-widget elementor-widget-text-editor\" data-id=\"d0b40eb\" data-element_type=\"widget\" data-widget_type=\"text-editor.default\">\n\t\t\t\t<div class=\"elementor-widget-container\">\n\t\t\t\t\t\t\t\t\t<p class=\"p1\">Las txosnas son las instalaciones temporales que montan las konpartsas, en las que se ofrecen toda clase de estimulantes bebedizos y deliciosos manjares, adem\u00e1s de toda suerte de espect\u00e1culos y actividades festivas.<\/p>\n<p><\/p>\n<p class=\"p1\"><span class=\"s1\">Sus decoraciones son un espacio de libertad de expresi\u00f3n, desde el que se manifiesta con humor y mordacidad la cr\u00edtica social a las realidades del momento. De su recaudaci\u00f3n dependen no solo la programaci\u00f3n de los actos propios de Aste Nagusia, sino tambi\u00e9n la organizaci\u00f3n de todo tipo de actividades sociales, culturales y festivas durante el resto del a\u00f1o. <\/span><\/p>\n<p><\/p>\n<p class=\"p1\">Las personas que trabajan en su montaje, gesti\u00f3n y desmontaje est\u00e1n lejos de ser profesionales y lo hacen de manera altruista, para el disfrute general. Ten en cuenta y valora esto siempre que te acerques a una de ellas.<\/p>\n\t\t\t\t\t\t\t\t<\/div>\n\t\t\t\t<\/div>\n\t\t\t\t<\/div>\n\t\t\t\t<\/div>\n\t\t\t\t<\/div>\n\t\t\t\t<\/div>\n\t\t\t\t\t<\/div>\n\t\t\t\t<\/div>\n\t\t\t\t<\/div>\n\t\t","protected":false},"excerpt":{"rendered":"<p>ASTENAGUSIPEDIA ASTE-NAGUSI-PEDIA ASTE NAGUSIA Aste Nagusia es una semana de fiesta que celebramos en Bilbao que, a pesar de su juventud, se ha ganado la admiraci\u00f3n mundial por haberse convertido la madre de todas las parrandas. Creada en 1978 por los movimientos sociales de Bilbao, arraig\u00f3 con tal fuerza, que el Ayuntamiento, at\u00f3nito ante la [&hellip;]<\/p>\n","protected":false},"author":3,"featured_media":0,"parent":2133,"menu_order":0,"comment_status":"closed","ping_status":"closed","template":"","meta":{"_acf_changed":false,"footnotes":""},"class_list":["post-1328","page","type-page","status-publish","hentry"],"acf":[],"_links":{"self":[{"href":"https:\/\/astenagusia.bilbokokonpartsak.eus\/es\/wp-json\/wp\/v2\/pages\/1328","targetHints":{"allow":["GET"]}}],"collection":[{"href":"https:\/\/astenagusia.bilbokokonpartsak.eus\/es\/wp-json\/wp\/v2\/pages"}],"about":[{"href":"https:\/\/astenagusia.bilbokokonpartsak.eus\/es\/wp-json\/wp\/v2\/types\/page"}],"author":[{"embeddable":true,"href":"https:\/\/astenagusia.bilbokokonpartsak.eus\/es\/wp-json\/wp\/v2\/users\/3"}],"replies":[{"embeddable":true,"href":"https:\/\/astenagusia.bilbokokonpartsak.eus\/es\/wp-json\/wp\/v2\/comments?post=1328"}],"version-history":[{"count":4,"href":"https:\/\/astenagusia.bilbokokonpartsak.eus\/es\/wp-json\/wp\/v2\/pages\/1328\/revisions"}],"predecessor-version":[{"id":18326,"href":"https:\/\/astenagusia.bilbokokonpartsak.eus\/es\/wp-json\/wp\/v2\/pages\/1328\/revisions\/18326"}],"up":[{"embeddable":true,"href":"https:\/\/astenagusia.bilbokokonpartsak.eus\/es\/wp-json\/wp\/v2\/pages\/2133"}],"wp:attachment":[{"href":"https:\/\/astenagusia.bilbokokonpartsak.eus\/es\/wp-json\/wp\/v2\/media?parent=1328"}],"curies":[{"name":"wp","href":"https:\/\/api.w.org\/{rel}","templated":true}]}}